{"id":3744,"date":"2018-06-05T23:23:42","date_gmt":"2018-06-05T21:23:42","guid":{"rendered":"http:\/\/www.dalmatiner-vom-hause-fiedanu.de\/wp\/?page_id=3744"},"modified":"2018-06-06T00:19:37","modified_gmt":"2018-06-05T22:19:37","slug":"h-wurf-2-woche","status":"publish","type":"page","link":"https:\/\/www.dalmatiner-vom-hause-fiedanu.de\/wp\/welpen\/h-wurf\/h-wurf-2-woche\/","title":{"rendered":"H-Wurf 2.Woche"},"content":{"rendered":"\n<table id=\"tablepress-16\" class=\"tablepress tablepress-id-16\">\n<tbody>\n<tr class=\"row-1\">\n\t<td class=\"column-1\"><a href=\"http:\/\/www.dalmatiner-vom-hause-fiedanu.de\/wp\/?page_id=3554&amp;preview=true\">Tr\u00e4chtigkeit<\/a><\/td><td class=\"column-2\"><a href=\"http:\/\/www.dalmatiner-vom-hause-fiedanu.de\/wp\/welpen\/h-wurf\/h-wurf-1-woche\/\">1. Woche<\/a><\/td><td class=\"column-3\"><a href=\"http:\/\/www.dalmatiner-vom-hause-fiedanu.de\/wp\/welpen\/h-wurf\/h-wurf-3-woche\/\">3. Woche<\/a><\/td><td class=\"column-4\"><a href=\"http:\/\/www.dalmatiner-vom-hause-fiedanu.de\/wp\/h-wurf-5-woche\/\">5. Woche<\/a><\/td><td class=\"column-5\"><a href=\"http:\/\/www.dalmatiner-vom-hause-fiedanu.de\/wp\/?page_id=4150&amp;preview=true\">6. Woche<\/a><\/td><td class=\"column-6\"><a href=\"URL der Seite einf\u00fcgen\">8. Woche<\/a><\/td>\n<\/tr>\n<tr class=\"row-2\">\n\t<td class=\"column-1\"><a href=\"http:\/\/www.dalmatiner-vom-hause-fiedanu.de\/wp\/?page_id=3641&amp;preview=true\">die ersten Tage<\/a><\/td><td class=\"column-2\"><a href=\"http:\/\/www.dalmatiner-vom-hause-fiedanu.de\/wp\/welpen\/h-wurf\/h-wurf-2-woche\/\">2. Woche<\/a><\/td><td class=\"column-3\"><a href=\"http:\/\/www.dalmatiner-vom-hause-fiedanu.de\/wp\/?page_id=4142&amp;preview=true\">4. Woche<\/a><\/td><td class=\"column-4\"><a href=\"http:\/\/www.dalmatiner-vom-hause-fiedanu.de\/wp\/welpen\/h-wurf\/h-wurf-einzelbilder\/\">Einzelbilder<\/a><\/td><td class=\"column-5\"><a href=\"http:\/\/www.dalmatiner-vom-hause-fiedanu.de\/wp\/welpen\/h-wurf\/geburt-h-wurf\/h-wurf-7-woche\/\">7. Woche<\/a><\/td><td class=\"column-6\"><a href=\"http:\/\/www.dalmatiner-vom-hause-fiedanu.de\/wp\/h-wurf-9-woche\/\">ab 9. Woche<\/a><\/td>\n<\/tr>\n<\/tbody>\n<\/table>\n<!-- #tablepress-16 from cache -->\n<p>Die Zeit fliegt&#8230;<\/p>\n<p>Nun sind schon die ersten 14 Tage rum. Cira ist eine sehr f\u00fcrsorgliche Mama. Sie putzt und s\u00e4ugt ihre 9 Zwerge rund um die Uhr.&nbsp;<\/p>\n<p>Abby, Basima, Emilio und Garry haben noch keine Chance sich zu n\u00e4hern. Gipsy sind sie aber eh noch zu klein \ud83d\ude42<\/p>\n<p>Die ersten 2x haben wir auch schon die kleinen Krallen gek\u00fcrzt, damit die Welpen ihre Mama beim trinken nicht kratzen k\u00f6nnen.&nbsp;<\/p>\n<p>&nbsp;<\/p>\nngg_shortcode_0_placeholder\n<p>Die Augen sind die letzten 2 Tage auch schon aufgegangen und sogar ein paar kleine Bellger\u00e4usche konnten wir schon h\u00f6ren, total s\u00fc\u00df<\/p>\n<p>Hier noch Bilder der letzten Tage&nbsp;<\/p>\nngg_shortcode_1_placeholder\n","protected":false},"excerpt":{"rendered":"<p>Die Zeit fliegt&#8230; Nun sind schon die ersten 14 Tage rum. Cira ist eine sehr f\u00fcrsorgliche Mama. Sie putzt und s\u00e4ugt ihre 9 Zwerge rund um die Uhr.&nbsp; Abby, Basima, Emilio und Garry haben noch keine Chance sich zu n\u00e4hern. <span class=\"excerpt-dots\">&hellip;<\/span> <a class=\"more-link\" href=\"https:\/\/www.dalmatiner-vom-hause-fiedanu.de\/wp\/welpen\/h-wurf\/h-wurf-2-woche\/\"><span class=\"more-msg\">Weiterlesen&#8230;<\/span><\/a><\/p>\n","protected":false},"author":4,"featured_media":0,"parent":3535,"menu_order":2,"comment_status":"closed","ping_status":"closed","template":"","meta":{"ngg_post_thumbnail":0,"footnotes":""},"class_list":["post-3744","page","type-page","status-publish","hentry"],"_links":{"self":[{"href":"https:\/\/www.dalmatiner-vom-hause-fiedanu.de\/wp\/wp-json\/wp\/v2\/pages\/3744","targetHints":{"allow":["GET"]}}],"collection":[{"href":"https:\/\/www.dalmatiner-vom-hause-fiedanu.de\/wp\/wp-json\/wp\/v2\/pages"}],"about":[{"href":"https:\/\/www.dalmatiner-vom-hause-fiedanu.de\/wp\/wp-json\/wp\/v2\/types\/page"}],"author":[{"embeddable":true,"href":"https:\/\/www.dalmatiner-vom-hause-fiedanu.de\/wp\/wp-json\/wp\/v2\/users\/4"}],"replies":[{"embeddable":true,"href":"https:\/\/www.dalmatiner-vom-hause-fiedanu.de\/wp\/wp-json\/wp\/v2\/comments?post=3744"}],"version-history":[{"count":4,"href":"https:\/\/www.dalmatiner-vom-hause-fiedanu.de\/wp\/wp-json\/wp\/v2\/pages\/3744\/revisions"}],"predecessor-version":[{"id":3993,"href":"https:\/\/www.dalmatiner-vom-hause-fiedanu.de\/wp\/wp-json\/wp\/v2\/pages\/3744\/revisions\/3993"}],"up":[{"embeddable":true,"href":"https:\/\/www.dalmatiner-vom-hause-fiedanu.de\/wp\/wp-json\/wp\/v2\/pages\/3535"}],"wp:attachment":[{"href":"https:\/\/www.dalmatiner-vom-hause-fiedanu.de\/wp\/wp-json\/wp\/v2\/media?parent=3744"}],"curies":[{"name":"wp","href":"https:\/\/api.w.org\/{rel}","templated":true}]}}